{"id":23089,"date":"2022-02-17T16:55:08","date_gmt":"2022-02-17T16:55:08","guid":{"rendered":"https:\/\/rayter.es\/aviso-legal\/"},"modified":"2022-02-17T16:55:08","modified_gmt":"2022-02-17T16:55:08","slug":"aviso-legal","status":"publish","type":"page","link":"https:\/\/rayter.es\/pt-pt\/aviso-legal\/","title":{"rendered":"Aviso legal"},"content":{"rendered":"<h1 style=\"text-align: center;\">Aviso legal<\/h1>\n<p>OBJECTO<\/p>\n<p>O presente aviso legal regula o uso e a utiliza\u00e7\u00e3o do site http:\/\/rayter.es,del propriedade da RAYTER S.A. (doravante, o PROPRIET\u00c1RIO DO SITE).<\/p>\n<p>A navega\u00e7\u00e3o no s\u00edtio Web do PROPRIET\u00c1RIO DO S\u00cdTIO atribui a condi\u00e7\u00e3o de UTILIZADOR do mesmo e implica a aceita\u00e7\u00e3o plena e sem reservas de todas e cada uma das condi\u00e7\u00f5es publicadas no presente aviso legal, advertindo que estas condi\u00e7\u00f5es podem ser modificadas sem aviso pr\u00e9vio por parte do PROPRIET\u00c1RIO DO S\u00cdTIO, caso em que ser\u00e3o publicadas e notificadas com a maior anteced\u00eancia poss\u00edvel.<br \/>\nPor conseguinte, \u00e9 aconselh\u00e1vel ler atentamente o seu conte\u00fado se pretender aceder e utilizar as informa\u00e7\u00f5es e os servi\u00e7os oferecidos neste s\u00edtio Web.<\/p>\n<p>O utilizador compromete-se igualmente a fazer uma utiliza\u00e7\u00e3o correta do s\u00edtio Web, em conformidade com a lei, a boa f\u00e9, a ordem p\u00fablica, os usos do tr\u00e1fego e o presente Aviso Legal, sendo respons\u00e1vel perante o PROPRIET\u00c1RIO DO S\u00cdTIO ou perante terceiros pelos danos e preju\u00edzos que possam ser causados pelo incumprimento desta obriga\u00e7\u00e3o.<\/p>\n<p>Qualquer utiliza\u00e7\u00e3o diferente da autorizada \u00e9 expressamente proibida e o PROPRIET\u00c1RIO DO S\u00cdTIO pode recusar ou retirar o acesso e a utiliza\u00e7\u00e3o em qualquer altura.<\/p>\n<p>IDENTIFICA\u00c7\u00c3O<br \/>\nO PROPRIET\u00c1RIO DO WEBSITE, em cumprimento da Lei 34\/2002, de 11 de julho, de Servi\u00e7os da Sociedade da Informa\u00e7\u00e3o e Com\u00e9rcio Eletr\u00f3nico (LSSI), informa que:<br \/>\nA sua denomina\u00e7\u00e3o social \u00e9: RAYTER S.A.<br \/>\nO seu n\u00famero de IVA \u00e9: A-48172522<br \/>\nA sua sede social \u00e9 em: Pol\u00edgono Industrial Erletxe, Nave 10 &#8211; 11 &#8211; C, 48960 Galdakao, BIZKAIA [DADOS DE INSCRI\u00c7\u00c3O NO REGISTO COMERCIAL, SE APLIC\u00c1VEL].<\/p>\n<p>COMUNICA\u00c7\u00d5ES<\/p>\n<p>Para comunicar connosco, oferecemos-lhe diferentes meios de contacto, que s\u00e3o detalhados a seguir:<br \/>\nTelefone: +34 944 57 05 00<br \/>\nCorreio eletr\u00f3nico: admon@rayter.es<br \/>\nTodas as notifica\u00e7\u00f5es e comunica\u00e7\u00f5es entre os utilizadores e PROPIETARIO DE<\/p>\n<p>O S\u00cdTIO WEB ser\u00e1 considerado efetivo, para todos os efeitos, quando for efectuado por qualquer um dos meios acima indicados.<br \/>\nCONDI\u00c7\u00d5ES DE ACESSO E UTILIZA\u00c7\u00c3O<\/p>\n<p>O s\u00edtio Web e os seus servi\u00e7os s\u00e3o de acesso livre e gratuito. No entanto, o PROPRIET\u00c1RIO DO S\u00cdTIO WEB pode condicionar a utiliza\u00e7\u00e3o de alguns dos servi\u00e7os oferecidos no seu s\u00edtio web ao preenchimento pr\u00e9vio do formul\u00e1rio correspondente.<\/p>\n<p>O utilizador garante a autenticidade e a atualidade de todos os dados fornecidos ao PROPRIET\u00c1RIO DO S\u00cdTIO WEB e \u00e9 o \u00fanico respons\u00e1vel por quaisquer declara\u00e7\u00f5es falsas ou inexactas.<\/p>\n<p>O utilizador compromete-se expressamente a fazer uma utiliza\u00e7\u00e3o adequada dos conte\u00fados e servi\u00e7os do PROPRIET\u00c1RIO DO WEBSITE e a n\u00e3o os utilizar, entre outros, para<br \/>\nDifundir conte\u00fados de car\u00e1cter criminal, violento, pornogr\u00e1fico, racista, xen\u00f3fobo, ofensivo, de apoio ao terrorismo ou, em geral, contr\u00e1rio \u00e0 lei ou \u00e0 ordem p\u00fablica.<\/p>\n<p>Introduzir na rede v\u00edrus inform\u00e1ticos ou realizar ac\u00e7\u00f5es suscept\u00edveis de alterar, danificar, interromper ou gerar erros ou danos nos documentos electr\u00f3nicos, dados ou sistemas f\u00edsicos e l\u00f3gicos do PROPRIET\u00c1RIO DO WEBSITE ou de terceiros; bem como dificultar o acesso de outros utilizadores ao site e aos seus servi\u00e7os atrav\u00e9s do consumo massivo dos recursos inform\u00e1ticos atrav\u00e9s dos quais o PROPRIET\u00c1RIO DO WEBSITE presta os seus servi\u00e7os.<\/p>\n<p>Tentar aceder \u00e0s contas de correio eletr\u00f3nico de outros utilizadores ou a \u00e1reas restritas dos sistemas inform\u00e1ticos do PROPRIET\u00c1RIO DO S\u00cdTIO ou de terceiros e, se for o caso, extrair informa\u00e7\u00f5es.<\/p>\n<p>Infringir os direitos de propriedade intelectual ou industrial, bem como violar a confidencialidade das informa\u00e7\u00f5es do PROPRIET\u00c1RIO DO WEBSITE ou de terceiros.<br \/>\nFazer-se passar pela identidade de qualquer outro utilizador.<\/p>\n<p>Reproduzir, copiar, distribuir, colocar \u00e0 disposi\u00e7\u00e3o ou qualquer outra forma de comunica\u00e7\u00e3o p\u00fablica, transformar ou modificar os conte\u00fados, exceto se autorizado pelo titular dos direitos correspondentes ou se for legalmente permitido.<\/p>\n<p>Recolher dados para fins publicit\u00e1rios e enviar publicidade de qualquer tipo e comunica\u00e7\u00f5es para vendas ou outros fins comerciais sem pedido ou consentimento pr\u00e9vio.<\/p>\n<p>Todos os conte\u00fados do s\u00edtio Web, tais como textos, fotografias, gr\u00e1ficos, imagens, \u00edcones, tecnologia, software, bem como o seu design gr\u00e1fico e c\u00f3digos fonte, constituem uma obra cuja propriedade pertence ao PROPRIET\u00c1RIO DO S\u00cdTIO WEB, n\u00e3o podendo entender-se que se transfere para o utilizador nenhum dos direitos de explora\u00e7\u00e3o dos mesmos para al\u00e9m do estritamente necess\u00e1rio para a correta utiliza\u00e7\u00e3o do s\u00edtio Web.<\/p>\n<p>Em suma, os utilizadores que acedam a este s\u00edtio Web podem visualizar os conte\u00fados e efetuar, se for caso disso, c\u00f3pias privadas autorizadas, desde que os elementos reproduzidos n\u00e3o sejam posteriormente cedidos a terceiros, nem sejam instalados em servidores ligados a redes, nem sejam objeto de qualquer tipo de explora\u00e7\u00e3o.<\/p>\n<p>Do mesmo modo, todas as marcas, nomes comerciais ou log\u00f3tipos de qualquer tipo que apare\u00e7am no s\u00edtio Web s\u00e3o propriedade do PROPRIET\u00c1RIO DO S\u00cdTIO WEB, n\u00e3o podendo ser interpretado que a utiliza\u00e7\u00e3o ou o acesso aos mesmos confira ao utilizador quaisquer direitos sobre os mesmos.<\/p>\n<p>\u00c9 proibida a distribui\u00e7\u00e3o, modifica\u00e7\u00e3o, transfer\u00eancia ou comunica\u00e7\u00e3o p\u00fablica dos conte\u00fados e qualquer outro ato que n\u00e3o tenha sido expressamente autorizado pelo titular dos direitos de explora\u00e7\u00e3o.<\/p>\n<p>O estabelecimento de uma hiperliga\u00e7\u00e3o n\u00e3o implica, em caso algum, a exist\u00eancia de uma rela\u00e7\u00e3o entre o PROPRIET\u00c1RIO DO S\u00cdTIO WEB e o propriet\u00e1rio do s\u00edtio web em que se estabelece, nem a aceita\u00e7\u00e3o e aprova\u00e7\u00e3o pelo PROPRIET\u00c1RIO DO S\u00cdTIO WEB dos seus conte\u00fados ou servi\u00e7os.<\/p>\n<p>O PROPRIET\u00c1RIO DO S\u00cdTIO WEB n\u00e3o \u00e9 respons\u00e1vel pela utiliza\u00e7\u00e3o que cada utilizador faz dos materiais disponibilizados neste s\u00edtio web nem pelas ac\u00e7\u00f5es realizadas com base nos mesmos.<\/p>\n<p>EXCLUS\u00c3O DE GARANTIAS E RESPONSABILIDADE PELO ACESSO E UTILIZA\u00c7\u00c3O<\/p>\n<p>O conte\u00fado deste s\u00edtio Web \u00e9 de natureza geral e serve apenas para fins informativos, n\u00e3o estando totalmente garantido o acesso a todos os conte\u00fados, nem a sua exaustividade, corre\u00e7\u00e3o, validade ou atualidade, nem a sua adequa\u00e7\u00e3o ou utilidade para um fim espec\u00edfico.<\/p>\n<p>O PROPRIET\u00c1RIO DO WEBSITE exclui, na medida do permitido por lei, qualquer responsabilidade por danos de qualquer tipo decorrentes de:<\/p>\n<p>A impossibilidade de aceder ao s\u00edtio Web ou a falta de veracidade, exatid\u00e3o, exaustividade e\/ou atualidade dos conte\u00fados, bem como a exist\u00eancia de v\u00edcios e defeitos de qualquer tipo nos conte\u00fados transmitidos, difundidos, armazenados, colocados \u00e0 disposi\u00e7\u00e3o, acedidos atrav\u00e9s do s\u00edtio Web ou dos servi\u00e7os oferecidos.<br \/>\nA presen\u00e7a de v\u00edrus ou outros elementos nos conte\u00fados que possam causar altera\u00e7\u00f5es nos sistemas inform\u00e1ticos, documentos electr\u00f3nicos ou dados do utilizador.La imposibilidad de acceso al sitio web o la falta de veracidad, exactitud, exhaustividad y\/o actualidad de los contenidos, as\u00ed como la existencia de vicios y defectos de toda clase de los contenidos transmitidos, difundidos, almacenados, puestos a disposici\u00f3n, a los que se haya accedido a trav\u00e9s del sitio web o de los servicios que se ofrecen.<br \/>La presencia de virus o de otros elementos en los contenidos que puedan producir alteraciones en los sistemas inform\u00e1ticos, documentos electr\u00f3nicos o datos de los usuarios.<\/p>\n<p>O desrespeito da lei, da boa f\u00e9, da ordem p\u00fablica, dos usos do tr\u00e1fego e do presente aviso legal, em consequ\u00eancia de uma utiliza\u00e7\u00e3o incorrecta do s\u00edtio Web. Em particular, e a t\u00edtulo de exemplo, o PROPRIET\u00c1RIO DO S\u00cdTIO WEB n\u00e3o \u00e9 respons\u00e1vel pelas ac\u00e7\u00f5es de terceiros que violem os direitos de propriedade intelectual e industrial, os segredos comerciais, os direitos \u00e0 honra, \u00e0 intimidade pessoal e familiar e \u00e0 autoimagem, bem como as normas sobre concorr\u00eancia desleal e publicidade il\u00edcita.<\/p>\n<p>Da mesma forma, o PROPRIET\u00c1RIO DO S\u00cdTIO WEB declina qualquer responsabilidade relativamente \u00e0s informa\u00e7\u00f5es que se encontrem fora deste s\u00edtio web e que n\u00e3o sejam geridas diretamente pelo nosso webmaster. A fun\u00e7\u00e3o dos links que aparecem neste site \u00e9 exclusivamente informar o utilizador sobre a exist\u00eancia de outras fontes que podem ampliar os conte\u00fados oferecidos neste site. O PROPRIET\u00c1RIO DO S\u00cdTIO WEB n\u00e3o garante e n\u00e3o \u00e9 respons\u00e1vel pelo funcionamento ou acessibilidade dos s\u00edtios ligados, nem sugere, convida ou recomenda a visita aos mesmos, nem ser\u00e1 respons\u00e1vel pelos resultados obtidos. O PROPRIET\u00c1RIO DO S\u00cdTIO n\u00e3o \u00e9 respons\u00e1vel pelo estabelecimento de hiperliga\u00e7\u00f5es por parte de terceiros..<\/p>\n<p>PROCEDIMENTO EM CASO DE EXERC\u00cdCIO DE ACTIVIDADES IL\u00cdCITAS<br \/>\nCaso qualquer utilizador ou terceiro considere que existem factos ou circunst\u00e2ncias que revelem o car\u00e1cter il\u00edcito da utiliza\u00e7\u00e3o de qualquer conte\u00fado e\/ou a realiza\u00e7\u00e3o de qualquer atividade nas p\u00e1ginas web inclu\u00eddas ou acess\u00edveis atrav\u00e9s do s\u00edtio Web, dever\u00e1 enviar uma notifica\u00e7\u00e3o ao PROPRIET\u00c1RIO DO S\u00cdTIO WEB, identificando-se devidamente e especificando as alegadas infrac\u00e7\u00f5es.<\/p>\n<p>PUBLICA\u00c7\u00d5ES<br \/>\nAs informa\u00e7\u00f5es administrativas fornecidas atrav\u00e9s do s\u00edtio Web n\u00e3o substituem a publica\u00e7\u00e3o legal de leis, regulamentos, planos, disposi\u00e7\u00f5es gerais e actos que devem ser formalmente publicados nos jornais oficiais das administra\u00e7\u00f5es p\u00fablicas, que s\u00e3o o \u00fanico instrumento que atesta a sua autenticidade e conte\u00fado. As informa\u00e7\u00f5es dispon\u00edveis neste s\u00edtio Web devem ser entendidas como um guia sem qualquer validade jur\u00eddica.<\/p>\n<p>LEGISLA\u00c7\u00c3O APLIC\u00c1VEL<br \/>\nAs presentes condi\u00e7\u00f5es reger-se-\u00e3o pela legisla\u00e7\u00e3o espanhola em vigor.<br \/>\nA l\u00edngua utilizada ser\u00e1 o espanhol.<\/p>\n","protected":false},"excerpt":{"rendered":"<p>Aviso legal OBJECTO O presente aviso legal regula o uso e a utiliza\u00e7\u00e3o do site http:\/\/rayter.es,del propriedade da RAYTER S.A. (doravante, o PROPRIET\u00c1RIO DO SITE). A navega\u00e7\u00e3o no s\u00edtio Web do PROPRIET\u00c1RIO DO S\u00cdTIO atribui a condi\u00e7\u00e3o de UTILIZADOR do mesmo e implica a aceita\u00e7\u00e3o plena e sem reservas de todas e cada uma das [&hellip;]<\/p>\n","protected":false},"author":4,"featured_media":0,"parent":0,"menu_order":0,"comment_status":"closed","ping_status":"open","template":"template-fullwidth.php","meta":{"googlesitekit_rrm_CAowsr27DA:productID":"","footnotes":""},"class_list":["post-23089","page","type-page","status-publish","hentry"],"yoast_head":"<!-- This site is optimized with the Yoast SEO plugin v27.4 - https:\/\/yoast.com\/product\/yoast-seo-wordpress\/ -->\n<title>Aviso legal - Rayter<\/title>\n<meta name=\"robots\" content=\"index, follow, max-snippet:-1, max-image-preview:large, max-video-preview:-1\" \/>\n<link rel=\"canonical\" href=\"https:\/\/rayter.es\/aviso-legal\/\" \/>\n<meta property=\"og:locale\" content=\"pt_PT\" \/>\n<meta property=\"og:type\" content=\"article\" \/>\n<meta property=\"og:title\" content=\"Aviso legal - Rayter\" \/>\n<meta property=\"og:description\" content=\"Aviso legal OBJECTO O presente aviso legal regula o uso e a utiliza\u00e7\u00e3o do site http:\/\/rayter.es,del propriedade da RAYTER S.A. (doravante, o PROPRIET\u00c1RIO DO SITE). A navega\u00e7\u00e3o no s\u00edtio Web do PROPRIET\u00c1RIO DO S\u00cdTIO atribui a condi\u00e7\u00e3o de UTILIZADOR do mesmo e implica a aceita\u00e7\u00e3o plena e sem reservas de todas e cada uma das [&hellip;]\" \/>\n<meta property=\"og:url\" content=\"https:\/\/rayter.es\/aviso-legal\/\" \/>\n<meta property=\"og:site_name\" content=\"Rayter\" \/>\n<meta name=\"twitter:card\" content=\"summary_large_image\" \/>\n<meta name=\"twitter:label1\" content=\"Tempo estimado de leitura\" \/>\n\t<meta name=\"twitter:data1\" content=\"8 minutos\" \/>\n<script type=\"application\/ld+json\" class=\"yoast-schema-graph\">{\"@context\":\"https:\\\/\\\/schema.org\",\"@graph\":[{\"@type\":\"WebPage\",\"@id\":\"https:\\\/\\\/rayter.es\\\/aviso-legal\\\/\",\"url\":\"https:\\\/\\\/rayter.es\\\/aviso-legal\\\/\",\"name\":\"Aviso legal - Rayter\",\"isPartOf\":{\"@id\":\"https:\\\/\\\/rayter.es\\\/#website\"},\"datePublished\":\"2022-02-17T16:55:08+00:00\",\"breadcrumb\":{\"@id\":\"https:\\\/\\\/rayter.es\\\/aviso-legal\\\/#breadcrumb\"},\"inLanguage\":\"pt-PT\",\"potentialAction\":[{\"@type\":\"ReadAction\",\"target\":[\"https:\\\/\\\/rayter.es\\\/aviso-legal\\\/\"]}]},{\"@type\":\"BreadcrumbList\",\"@id\":\"https:\\\/\\\/rayter.es\\\/aviso-legal\\\/#breadcrumb\",\"itemListElement\":[{\"@type\":\"ListItem\",\"position\":1,\"name\":\"Portada\",\"item\":\"https:\\\/\\\/rayter.es\\\/pt-pt\\\/\"},{\"@type\":\"ListItem\",\"position\":2,\"name\":\"Aviso legal\"}]},{\"@type\":\"WebSite\",\"@id\":\"https:\\\/\\\/rayter.es\\\/#website\",\"url\":\"https:\\\/\\\/rayter.es\\\/\",\"name\":\"Rayter\",\"description\":\"Inoxidables para perforaci\u00f3n, filtraci\u00f3n y cribado.\",\"publisher\":{\"@id\":\"https:\\\/\\\/rayter.es\\\/#organization\"},\"potentialAction\":[{\"@type\":\"SearchAction\",\"target\":{\"@type\":\"EntryPoint\",\"urlTemplate\":\"https:\\\/\\\/rayter.es\\\/?s={search_term_string}\"},\"query-input\":{\"@type\":\"PropertyValueSpecification\",\"valueRequired\":true,\"valueName\":\"search_term_string\"}}],\"inLanguage\":\"pt-PT\"},{\"@type\":\"Organization\",\"@id\":\"https:\\\/\\\/rayter.es\\\/#organization\",\"name\":\"Rayter\",\"url\":\"https:\\\/\\\/rayter.es\\\/\",\"logo\":{\"@type\":\"ImageObject\",\"inLanguage\":\"pt-PT\",\"@id\":\"https:\\\/\\\/rayter.es\\\/#\\\/schema\\\/logo\\\/image\\\/\",\"url\":\"https:\\\/\\\/rayter.es\\\/wp-content\\\/uploads\\\/2022\\\/02\\\/logo-rayter-web-e1737115771719.png\",\"contentUrl\":\"https:\\\/\\\/rayter.es\\\/wp-content\\\/uploads\\\/2022\\\/02\\\/logo-rayter-web-e1737115771719.png\",\"width\":1215,\"height\":192,\"caption\":\"Rayter\"},\"image\":{\"@id\":\"https:\\\/\\\/rayter.es\\\/#\\\/schema\\\/logo\\\/image\\\/\"}}]}<\/script>\n<!-- \/ Yoast SEO plugin. -->","yoast_head_json":{"title":"Aviso legal - Rayter","robots":{"index":"index","follow":"follow","max-snippet":"max-snippet:-1","max-image-preview":"max-image-preview:large","max-video-preview":"max-video-preview:-1"},"canonical":"https:\/\/rayter.es\/aviso-legal\/","og_locale":"pt_PT","og_type":"article","og_title":"Aviso legal - Rayter","og_description":"Aviso legal OBJECTO O presente aviso legal regula o uso e a utiliza\u00e7\u00e3o do site http:\/\/rayter.es,del propriedade da RAYTER S.A. (doravante, o PROPRIET\u00c1RIO DO SITE). A navega\u00e7\u00e3o no s\u00edtio Web do PROPRIET\u00c1RIO DO S\u00cdTIO atribui a condi\u00e7\u00e3o de UTILIZADOR do mesmo e implica a aceita\u00e7\u00e3o plena e sem reservas de todas e cada uma das [&hellip;]","og_url":"https:\/\/rayter.es\/aviso-legal\/","og_site_name":"Rayter","twitter_card":"summary_large_image","twitter_misc":{"Tempo estimado de leitura":"8 minutos"},"schema":{"@context":"https:\/\/schema.org","@graph":[{"@type":"WebPage","@id":"https:\/\/rayter.es\/aviso-legal\/","url":"https:\/\/rayter.es\/aviso-legal\/","name":"Aviso legal - Rayter","isPartOf":{"@id":"https:\/\/rayter.es\/#website"},"datePublished":"2022-02-17T16:55:08+00:00","breadcrumb":{"@id":"https:\/\/rayter.es\/aviso-legal\/#breadcrumb"},"inLanguage":"pt-PT","potentialAction":[{"@type":"ReadAction","target":["https:\/\/rayter.es\/aviso-legal\/"]}]},{"@type":"BreadcrumbList","@id":"https:\/\/rayter.es\/aviso-legal\/#breadcrumb","itemListElement":[{"@type":"ListItem","position":1,"name":"Portada","item":"https:\/\/rayter.es\/pt-pt\/"},{"@type":"ListItem","position":2,"name":"Aviso legal"}]},{"@type":"WebSite","@id":"https:\/\/rayter.es\/#website","url":"https:\/\/rayter.es\/","name":"Rayter","description":"Inoxidables para perforaci\u00f3n, filtraci\u00f3n y cribado.","publisher":{"@id":"https:\/\/rayter.es\/#organization"},"potentialAction":[{"@type":"SearchAction","target":{"@type":"EntryPoint","urlTemplate":"https:\/\/rayter.es\/?s={search_term_string}"},"query-input":{"@type":"PropertyValueSpecification","valueRequired":true,"valueName":"search_term_string"}}],"inLanguage":"pt-PT"},{"@type":"Organization","@id":"https:\/\/rayter.es\/#organization","name":"Rayter","url":"https:\/\/rayter.es\/","logo":{"@type":"ImageObject","inLanguage":"pt-PT","@id":"https:\/\/rayter.es\/#\/schema\/logo\/image\/","url":"https:\/\/rayter.es\/wp-content\/uploads\/2022\/02\/logo-rayter-web-e1737115771719.png","contentUrl":"https:\/\/rayter.es\/wp-content\/uploads\/2022\/02\/logo-rayter-web-e1737115771719.png","width":1215,"height":192,"caption":"Rayter"},"image":{"@id":"https:\/\/rayter.es\/#\/schema\/logo\/image\/"}}]}},"_links":{"self":[{"href":"https:\/\/rayter.es\/pt-pt\/wp-json\/wp\/v2\/pages\/23089","targetHints":{"allow":["GET"]}}],"collection":[{"href":"https:\/\/rayter.es\/pt-pt\/wp-json\/wp\/v2\/pages"}],"about":[{"href":"https:\/\/rayter.es\/pt-pt\/wp-json\/wp\/v2\/types\/page"}],"author":[{"embeddable":true,"href":"https:\/\/rayter.es\/pt-pt\/wp-json\/wp\/v2\/users\/4"}],"replies":[{"embeddable":true,"href":"https:\/\/rayter.es\/pt-pt\/wp-json\/wp\/v2\/comments?post=23089"}],"version-history":[{"count":0,"href":"https:\/\/rayter.es\/pt-pt\/wp-json\/wp\/v2\/pages\/23089\/revisions"}],"wp:attachment":[{"href":"https:\/\/rayter.es\/pt-pt\/wp-json\/wp\/v2\/media?parent=23089"}],"curies":[{"name":"wp","href":"https:\/\/api.w.org\/{rel}","templated":true}]}}